{"id":1948,"date":"2026-01-26T18:38:45","date_gmt":"2026-01-26T18:38:45","guid":{"rendered":"https:\/\/estudiodemaquilhagem.com\/estudiocollective\/?post_type=artigos&#038;p=1948"},"modified":"2026-02-09T10:25:08","modified_gmt":"2026-02-09T10:25:08","slug":"agenda-online-buk-gestao-beleza","status":"publish","type":"artigos","link":"https:\/\/estudiodemaquilhagem.com\/estudiocollective\/artigos\/agenda-online-buk-gestao-beleza\/","title":{"rendered":"Agenda Online 24\/7 com o BUK: Gest\u00e3o Inteligente para Profissionais de Beleza"},"content":{"rendered":"\n<p>Nesta entrevista exclusiva, exploramos com a equipa do BUK as estrat\u00e9gias e funcionalidades que se tornaram necessidades competitivas no mercado atual, desvendando como valorizar o seu tempo e transformar o seu talento num neg\u00f3cio rent\u00e1vel.<\/p>\n\n\n\n<div class=\"wp-block-group article--subheader-pergunta-div is-vertical is-layout-flex wp-container-core-group-is-layout-fe9cc265 wp-block-group-is-layout-flex\">\n<p class=\"article--subheader-pergunta-anfitriao\">Claudia Santiago<\/p>\n\n\n\n<h2 class=\"wp-block-heading article--subheader-pergunta\">O que \u00e9 a plataforma BUK?<\/h2>\n<\/div>\n\n\n\n<div class=\"wp-block-group article--subheader-resposta-div is-vertical is-layout-flex wp-container-core-group-is-layout-0a6e6e4a wp-block-group-is-layout-flex\">\n<p class=\"article--subheader-resposta-convidado\">Jos\u00e9 Miguel A.<\/p>\n\n\n\n<p class=\"has-text-align-left article--subheader-resposta\">O\u00a0<strong>BUK<\/strong>\u00a0\u00e9 uma plataforma digital de marca\u00e7\u00f5es online, desenvolvida especialmente para profissionais e neg\u00f3cios nas \u00e1reas da beleza e bem-estar. Muito mais do que uma agenda digital, o BUK \u00e9 uma ferramenta completa de gest\u00e3o que ajuda empreendedores a organizarem os seus hor\u00e1rios, reduzirem faltas, aumentarem a fideliza\u00e7\u00e3o dos clientes e otimizarem os seus recursos. Tudo isto com simplicidade, efici\u00eancia e um design pensado para facilitar o dia a dia dos profissionais.<\/p>\n<\/div>\n\n\n\n<figure class=\"wp-block-video\"><video height=\"720\" style=\"aspect-ratio: 1280 \/ 720;\" width=\"1280\" controls src=\"https:\/\/estudiodemaquilhagem.com\/estudiocollective\/wp-content\/uploads\/2026\/01\/Configuracoes-da-Agenda-Short-_-BUK-PT-1.mp4\"><\/video><\/figure>\n\n\n\n<div class=\"wp-block-group article--subheader-pergunta-div is-vertical is-layout-flex wp-container-core-group-is-layout-fe9cc265 wp-block-group-is-layout-flex\">\n<p class=\"article--subheader-pergunta-anfitriao\">Claudia Santiago<\/p>\n\n\n\n<h2 class=\"wp-block-heading article--subheader-pergunta\">O que oferece a BUK, que justifique a inscri\u00e7\u00e3o na vossa plataforma?<\/h2>\n<\/div>\n\n\n\n<div class=\"wp-block-group article--subheader-resposta-div is-vertical is-layout-flex wp-container-core-group-is-layout-0a6e6e4a wp-block-group-is-layout-flex\">\n<p class=\"article--subheader-resposta-convidado\">Jos\u00e9 Miguel A.<\/p>\n\n\n\n<p class=\"has-text-align-left article--subheader-resposta\">O BUK oferece uma proposta de valor centrada na\u00a0<strong>autonomia<\/strong>,\u00a0<strong>profissionalismo<\/strong>\u00a0e\u00a0<strong>otimiza\u00e7\u00e3o do tempo<\/strong>. Ao migrar para o BUK, o profissional deixa de depender de trocas de mensagens, chamadas ou blocos de notas para gerir a sua agenda. A plataforma automatiza todo o processo de marca\u00e7\u00e3o, desde a escolha do hor\u00e1rio at\u00e9 ao envio de lembretes, o que reduz falhas de comunica\u00e7\u00e3o, aumenta a produtividade e eleva a experi\u00eancia do cliente. Al\u00e9m disso, o BUK evolui constantemente com novas funcionalidades pensadas para dar suporte a neg\u00f3cios em crescimento.<\/p>\n<\/div>\n\n\n\n<div class=\"wp-block-group article--subheader-pergunta-div is-vertical is-layout-flex wp-container-core-group-is-layout-fe9cc265 wp-block-group-is-layout-flex\">\n<p class=\"article--subheader-pergunta-anfitriao\">Claudia Santiago<\/p>\n\n\n\n<h2 class=\"wp-block-heading article--subheader-pergunta\">Quais as funcionalidades indispens\u00e1veis para quem est\u00e1 a dar os primeiros passos no digital?<\/h2>\n<\/div>\n\n\n\n<div class=\"wp-block-group article--subheader-resposta-div is-vertical is-layout-flex wp-container-core-group-is-layout-0a6e6e4a wp-block-group-is-layout-flex\">\n<p class=\"article--subheader-resposta-convidado\">Jos\u00e9 Miguel A.<\/p>\n\n\n\n<p class=\"has-text-align-left article--subheader-resposta\">Para quem est\u00e1 a come\u00e7ar, destacamos 4 funcionalidades cruciais do BUK:<\/p>\n<\/div>\n\n\n\n<ol class=\"wp-block-list\">\n<li><strong>P\u00e1gina personalizada de agendamentos<\/strong>&nbsp;\u2013 um mini site com a identidade do neg\u00f3cio, que funciona como canal direto de marca\u00e7\u00e3o.<\/li>\n\n\n\n<li><strong>Lembretes autom\u00e1ticos por SMS ou email<\/strong>&nbsp;\u2013 que reduzem drasticamente o n\u00famero de faltas.<\/li>\n\n\n\n<li><strong>Gest\u00e3o de clientes<\/strong>&nbsp;\u2013 com hist\u00f3rico de marca\u00e7\u00f5es, anota\u00e7\u00f5es e dados importantes que ajudam a criar um atendimento personalizado.<\/li>\n\n\n\n<li><strong>Campanhas por SMS<\/strong>&nbsp;\u2013 para promover servi\u00e7os, divulgar novidades ou recuperar clientes inativos.<\/li>\n<\/ol>\n\n\n\n<p>Estas funcionalidades ajudam a criar uma base s\u00f3lida de clientes, a organizar o tempo e a profissionalizar a imagem do neg\u00f3cio. Fora estas existem muitas mais; como acesso a estat\u00edsticas de neg\u00f3cio, pagamentos online, integra\u00e7\u00f5es com o google reviews etc.<\/p>\n\n\n\n<div class=\"wp-block-group article--subheader-pergunta-div is-vertical is-layout-flex wp-container-core-group-is-layout-fe9cc265 wp-block-group-is-layout-flex\">\n<p class=\"article--subheader-pergunta-anfitriao\">Claudia Santiago<\/p>\n\n\n\n<h2 class=\"wp-block-heading article--subheader-pergunta\">Como \u00e9 que a automa\u00e7\u00e3o liberta o profissional da gest\u00e3o para se focar na criatividade?<\/h2>\n<\/div>\n\n\n\n<div class=\"wp-block-group article--subheader-resposta-div is-vertical is-layout-flex wp-container-core-group-is-layout-0a6e6e4a wp-block-group-is-layout-flex\">\n<p class=\"article--subheader-resposta-convidado\">Jos\u00e9 Miguel A.<\/p>\n\n\n\n<p class=\"has-text-align-left article--subheader-resposta\">Com a agenda automatizada, o profissional deixa de ser ref\u00e9m das mensagens e chamadas constantes. Os clientes podem agendar a qualquer hora, mesmo fora do hor\u00e1rio de atendimento, e recebem confirma\u00e7\u00f5es e lembretes automaticamente. Isso significa\u00a0<strong>menos tempo ao telem\u00f3vel<\/strong>\u00a0e\u00a0<strong>mais tempo a criar, cuidar e atender bem<\/strong>. Al\u00e9m disso, com relat\u00f3rios de desempenho e ferramentas de gest\u00e3o, o profissional tem uma vis\u00e3o clara do neg\u00f3cio sem perder tempo em tarefas administrativas.<\/p>\n<\/div>\n\n\n\n<div class=\"wp-block-group article--subheader-pergunta-div is-vertical is-layout-flex wp-container-core-group-is-layout-fe9cc265 wp-block-group-is-layout-flex\">\n<p class=\"article--subheader-pergunta-anfitriao\">Claudia Santiago<\/p>\n\n\n\n<h2 class=\"wp-block-heading article--subheader-pergunta\">Como podemos usar o link de agendamento nas redes sociais para captar novos clientes?<\/h2>\n<\/div>\n\n\n\n<div class=\"wp-block-group article--subheader-resposta-div is-vertical is-layout-flex wp-container-core-group-is-layout-0a6e6e4a wp-block-group-is-layout-flex\">\n<p class=\"article--subheader-resposta-convidado\">Jos\u00e9 Miguel A.<\/p>\n\n\n\n<p class=\"has-text-align-left article--subheader-resposta\">A p\u00e1gina personalizada do BUK \u00e9 uma\u00a0<strong>ferramenta poderosa de marketing<\/strong>. Eis algumas dicas pr\u00e1ticas:<\/p>\n<\/div>\n\n\n\n<ul class=\"wp-block-list\">\n<li><strong>Inserir o link na bio do Instagram ou TikTok<\/strong>, com uma chamada \u00e0 a\u00e7\u00e3o clara (\u201cMarca aqui o teu hor\u00e1rio!\u201d).<\/li>\n\n\n\n<li><strong>Usar stories com bot\u00e3o de swipe-up ou link sticker<\/strong>&nbsp;para redirecionar diretamente para a agenda.<\/li>\n\n\n\n<li><strong>Partilhar feedbacks ou v\u00eddeos de bastidores<\/strong>, com o link de marca\u00e7\u00e3o associado, refor\u00e7ando a confian\u00e7a.<\/li>\n\n\n\n<li><strong>Aproveitar a funcionalidade de agendamento r\u00e1pido<\/strong>&nbsp;ap\u00f3s campanhas SMS ou posts promocionais.<\/li>\n\n\n\n<li>E claro a nossa integra\u00e7\u00e3o com o Google reviews que solicita reviews automaticamente, melhorando assim a pesquisa org\u00e2nica no Google.<\/li>\n<\/ul>\n\n\n\n<p>A chave est\u00e1 na consist\u00eancia e em facilitar ao m\u00e1ximo o caminho entre o interesse e a marca\u00e7\u00e3o.<\/p>\n\n\n\n<div class=\"wp-block-group article--subheader-pergunta-div is-vertical is-layout-flex wp-container-core-group-is-layout-fe9cc265 wp-block-group-is-layout-flex\">\n<p class=\"article--subheader-pergunta-anfitriao\">Claudia Santiago<\/p>\n\n\n\n<h2 class=\"wp-block-heading article--subheader-pergunta\">Qual \u00e9 o erro mais comum na transi\u00e7\u00e3o para a agenda digital e como o evitar?<\/h2>\n<\/div>\n\n\n\n<div class=\"wp-block-group article--subheader-resposta-div is-vertical is-layout-flex wp-container-core-group-is-layout-0a6e6e4a wp-block-group-is-layout-flex\">\n<p class=\"article--subheader-resposta-convidado\">Jos\u00e9 Miguel A.<\/p>\n\n\n\n<p class=\"has-text-align-left article--subheader-resposta\">O erro mais comum \u00e9\u00a0<strong>n\u00e3o configurarem corretamente a agenda para refletir a sua realidade<\/strong>; como tempos de pausa, buffers entre atendimentos ou hor\u00e1rios personalizados por servi\u00e7o. Isso pode causar sobreposi\u00e7\u00e3o de marca\u00e7\u00f5es ou per\u00edodos sem tempo \u00fatil de descanso.<\/p>\n<\/div>\n\n\n\n<p>A principal recomenda\u00e7\u00e3o do BUK \u00e9:&nbsp;<strong>dedicar tempo \u00e0 configura\u00e7\u00e3o inicial<\/strong>&nbsp;com aten\u00e7\u00e3o ao detalhe. Uma boa configura\u00e7\u00e3o \u00e9 o que garante uma agenda fluida e eficiente.<\/p>\n\n\n\n<div class=\"wp-block-group article--subheader-pergunta-div is-vertical is-layout-flex wp-container-core-group-is-layout-fe9cc265 wp-block-group-is-layout-flex\">\n<p class=\"article--subheader-pergunta-anfitriao\">Claudia Santiago<\/p>\n\n\n\n<h2 class=\"wp-block-heading article--subheader-pergunta\">De que forma os lembretes autom\u00e1ticos reduzem as faltas e aumentam a fideliza\u00e7\u00e3o?<\/h2>\n<\/div>\n\n\n\n<div class=\"wp-block-group article--subheader-resposta-div is-vertical is-layout-flex wp-container-core-group-is-layout-0a6e6e4a wp-block-group-is-layout-flex\">\n<p class=\"article--subheader-resposta-convidado\">Jos\u00e9 Miguel A.<\/p>\n\n\n\n<p class=\"has-text-align-left article--subheader-resposta\">O processo de marca\u00e7\u00e3o \u00e9 o primeiro contacto real com o servi\u00e7o: e j\u00e1 diz muito sobre a organiza\u00e7\u00e3o e profissionalismo do neg\u00f3cio. Com o BUK, os clientes marcam com facilidade, recebem confirma\u00e7\u00e3o imediata e s\u00e3o lembrados do compromisso por SMS ou email. Isso reduz significativamente o esquecimento de marca\u00e7\u00f5es. Para al\u00e9m disso, esta experi\u00eancia fluida\u00a0<strong>gera confian\u00e7a e conforto<\/strong>, aumentando a probabilidade de retorno e fideliza\u00e7\u00e3o.<\/p>\n<\/div>\n\n\n\n<div class=\"wp-block-group article--subheader-pergunta-div is-vertical is-layout-flex wp-container-core-group-is-layout-fe9cc265 wp-block-group-is-layout-flex\">\n<p class=\"article--subheader-pergunta-anfitriao\">Claudia Santiago<\/p>\n\n\n\n<h2 class=\"wp-block-heading article--subheader-pergunta\">Que estrat\u00e9gias recomendam para garantir receita recorrente e estabilidade financeira?<\/h2>\n<\/div>\n\n\n\n<div class=\"wp-block-group article--subheader-resposta-div is-vertical is-layout-flex wp-container-core-group-is-layout-0a6e6e4a wp-block-group-is-layout-flex\">\n<p class=\"article--subheader-resposta-convidado\">Jos\u00e9 Miguel A.<\/p>\n\n\n\n<p class=\"has-text-align-left article--subheader-resposta\">Duas estrat\u00e9gias eficazes destacam-se:<\/p>\n<\/div>\n\n\n\n<ol class=\"wp-block-list\">\n<li><strong>Cria\u00e7\u00e3o de packs de servi\u00e7os (com validade)<\/strong>:&nbsp; que incentivam o cliente a comprometer-se com v\u00e1rias sess\u00f5es, garantindo receita antecipada.<\/li>\n\n\n\n<li><strong>Agendamento em sequ\u00eancia<\/strong>: logo ap\u00f3s a primeira sess\u00e3o, sugerir e agendar a pr\u00f3xima, aproveitando o impulso do atendimento.<\/li>\n<\/ol>\n\n\n\n<p>Al\u00e9m disso, alguns dos utilizadores mais bem-sucedidos do BUK usam&nbsp;<strong>campanhas segmentadas por tipo de cliente<\/strong>, para reativar clientes inativos ou oferecer servi\u00e7os complementares.<\/p>\n\n\n\n<div class=\"wp-block-group article--subheader-pergunta-div is-vertical is-layout-flex wp-container-core-group-is-layout-fe9cc265 wp-block-group-is-layout-flex\">\n<p class=\"article--subheader-pergunta-anfitriao\">Claudia Santiago<\/p>\n\n\n\n<h2 class=\"wp-block-heading article--subheader-pergunta\">Al\u00e9m da agenda, que ferramentas tecnol\u00f3gicas s\u00e3o hoje obrigat\u00f3rias para um neg\u00f3cio competitivo?<\/h2>\n<\/div>\n\n\n\n<div class=\"wp-block-group article--subheader-resposta-div is-vertical is-layout-flex wp-container-core-group-is-layout-0a6e6e4a wp-block-group-is-layout-flex\">\n<p class=\"article--subheader-resposta-convidado\">Jos\u00e9 Miguel A.<\/p>\n\n\n\n<p class=\"has-text-align-left article--subheader-resposta\">A integra\u00e7\u00e3o com o Google Reviews \u00e9 essencial para recolher automaticamente avalia\u00e7\u00f5es e refor\u00e7ar a reputa\u00e7\u00e3o online, um fator decisivo na escolha de novos clientes. As ferramentas de pagamento digital simplificam transa\u00e7\u00f5es, permitem sinalizar marca\u00e7\u00f5es e reduzem faltas. As plataformas de comunica\u00e7\u00e3o automatizada, como SMS marketing e lembretes, ajudam a manter uma rela\u00e7\u00e3o pr\u00f3xima e consistente com os clientes. J\u00e1 a gest\u00e3o de equipas e comiss\u00f5es garante transpar\u00eancia e controlo para quem trabalha com v\u00e1rios profissionais. Em conjunto, estas tecnologias elevam o n\u00edvel de profissionalismo e distinguem qualquer est\u00fadio de beleza num mercado cada vez mais exigente e digital.<\/p>\n<\/div>\n\n\n\n<div class=\"wp-block-cover\" style=\"border-top-left-radius:5px;border-top-right-radius:5px;border-bottom-left-radius:5px;border-bottom-right-radius:5px;margin-bottom:2rem;padding-top:2rem;padding-right:2rem;padding-bottom:2rem;padding-left:2rem\"><img fetchpriority=\"high\" decoding=\"async\" width=\"1024\" height=\"578\" class=\"wp-block-cover__image-background wp-image-1964\" alt=\"\" src=\"https:\/\/estudiodemaquilhagem.com\/estudiocollective\/wp-content\/uploads\/2026\/01\/estudiocollective-por-estudio-de-maquilhagem-BUK-agenda-digital01-1024x578.webp\" data-object-fit=\"cover\" srcset=\"https:\/\/estudiodemaquilhagem.com\/estudiocollective\/wp-content\/uploads\/2026\/01\/estudiocollective-por-estudio-de-maquilhagem-BUK-agenda-digital01-1024x578.webp 1024w, https:\/\/estudiodemaquilhagem.com\/estudiocollective\/wp-content\/uploads\/2026\/01\/estudiocollective-por-estudio-de-maquilhagem-BUK-agenda-digital01-300x169.webp 300w, https:\/\/estudiodemaquilhagem.com\/estudiocollective\/wp-content\/uploads\/2026\/01\/estudiocollective-por-estudio-de-maquilhagem-BUK-agenda-digital01-768x434.webp 768w, https:\/\/estudiodemaquilhagem.com\/estudiocollective\/wp-content\/uploads\/2026\/01\/estudiocollective-por-estudio-de-maquilhagem-BUK-agenda-digital01-1536x868.webp 1536w, https:\/\/estudiodemaquilhagem.com\/estudiocollective\/wp-content\/uploads\/2026\/01\/estudiocollective-por-estudio-de-maquilhagem-BUK-agenda-digital01.webp 1887w\" sizes=\"(max-width: 1024px) 100vw, 1024px\" \/><span aria-hidden=\"true\" class=\"wp-block-cover__background has-background-dim\"><\/span><div class=\"wp-block-cover__inner-container is-layout-flow wp-container-core-cover-is-layout-95fd25c1 wp-block-cover-is-layout-flow\">\n<p class=\"has-text-align-left has-white-color has-text-color has-link-color has-large-font-size wp-elements-1eb2ea5124b95beda973d2e8ffec7ebd\" style=\"line-height:1.1\">&#8220;Com a agenda automatizada, o profissional deixa de ser ref\u00e9m das mensagens e chamadas constantes.&#8221;<\/p>\n\n\n\n<p class=\"article--subheader-pergunta-autor-frase has-text-color has-link-color wp-elements-6f6a496c37abcfc39a3c4e2bf0706442\" style=\"color:#ed6947;font-size:11px\">Jos\u00e9 Miguel A.<\/p>\n<\/div><\/div>\n\n\n\n<div class=\"wp-block-group article--subheader-pergunta-div is-vertical is-layout-flex wp-container-core-group-is-layout-fe9cc265 wp-block-group-is-layout-flex\">\n<p class=\"article--subheader-pergunta-anfitriao\">Claudia Santiago<\/p>\n\n\n\n<h2 class=\"wp-block-heading article--subheader-pergunta\">O que fazem os profissionais de topo para maximizar a rentabilidade nas \u00e9pocas de pico?<\/h2>\n<\/div>\n\n\n\n<div class=\"wp-block-group article--subheader-resposta-div is-vertical is-layout-flex wp-container-core-group-is-layout-0a6e6e4a wp-block-group-is-layout-flex\">\n<p class=\"article--subheader-resposta-convidado\">Jos\u00e9 Miguel A.<\/p>\n\n\n\n<p class=\"has-text-align-left article--subheader-resposta\">Os empreendedores mais bem-sucedidos planeiam com anteced\u00eancia:\u00a0<strong>abrem hor\u00e1rios extra em \u00e9pocas de maior procura<\/strong>,\u00a0<strong>comunicam de forma ativa com a sua base de clientes<\/strong>\u00a0e utilizam o BUK para\u00a0<strong>criar campanhas de marca\u00e7\u00f5es antecipadas<\/strong>, garantindo a lota\u00e7\u00e3o da agenda. Al\u00e9m disso, analisam os\u00a0<strong>relat\u00f3rios de desempenho da plataforma<\/strong>\u00a0para ajustar servi\u00e7os, hor\u00e1rios e pre\u00e7os de forma estrat\u00e9gica.<\/p>\n<\/div>\n\n\n\n<div class=\"wp-block-group article--subheader-pergunta-div is-vertical is-layout-flex wp-container-core-group-is-layout-fe9cc265 wp-block-group-is-layout-flex\">\n<p class=\"article--subheader-pergunta-anfitriao\">Claudia Santiago<\/p>\n\n\n\n<h2 class=\"wp-block-heading article--subheader-pergunta\">Se pudessem dar apenas um conselho de gest\u00e3o a quem quer evoluir, qual seria?<\/h2>\n<\/div>\n\n\n\n<div class=\"wp-block-group article--subheader-resposta-div is-vertical is-layout-flex wp-container-core-group-is-layout-0a6e6e4a wp-block-group-is-layout-flex\">\n<p class=\"article--subheader-resposta-convidado\">Jos\u00e9 Miguel A.<\/p>\n\n\n\n<p class=\"has-text-align-left article--subheader-resposta\"><strong>Trata o teu tempo como o teu recurso mais valioso.<\/strong>\u00a0Automatiza tudo o que for repetitivo, mede os teus resultados com frequ\u00eancia e dedica a tua energia ao que s\u00f3 tu podes fazer: criar, atender e fazer crescer o teu neg\u00f3cio com prop\u00f3sito.<\/p>\n<\/div>\n\n\n\n<div class=\"wp-block-group article--subheader-pergunta-div is-vertical is-layout-flex wp-container-core-group-is-layout-fe9cc265 wp-block-group-is-layout-flex\">\n<p class=\"article--subheader-pergunta-anfitriao\">Claudia Santiago<\/p>\n\n\n\n<h2 class=\"wp-block-heading article--subheader-pergunta\">Como devemos preparar o neg\u00f3cio hoje para responder \u00e0s tend\u00eancias do futuro?<\/h2>\n<\/div>\n\n\n\n<div class=\"wp-block-group article--subheader-resposta-div is-vertical is-layout-flex wp-container-core-group-is-layout-0a6e6e4a wp-block-group-is-layout-flex\">\n<p class=\"article--subheader-resposta-convidado\">Jos\u00e9 Miguel A.<\/p>\n\n\n\n<p class=\"has-text-align-left article--subheader-resposta\">O principal conselho \u00e9\u00a0<strong>investir na digitaliza\u00e7\u00e3o dos processos<\/strong>, desde o agendamento at\u00e9 ao pagamento, garantindo uma experi\u00eancia fluida e moderna para o cliente. \u00c9 igualmente importante\u00a0<strong>criar uma presen\u00e7a online forte e aut\u00eantica<\/strong>, permitindo que as marca\u00e7\u00f5es sejam feitas diretamente a partir das redes sociais, onde os clientes passam grande parte do seu tempo. Al\u00e9m disso, recomendamos\u00a0<strong>adotar ferramentas de an\u00e1lise de dados<\/strong>, que ajudam a tomar decis\u00f5es com base em factos reais e n\u00e3o apenas em intui\u00e7\u00e3o. Por fim, \u00e9 essencial\u00a0<strong>acompanhar as novas expectativas dos consumidores<\/strong>, que hoje valorizam conveni\u00eancia, comunica\u00e7\u00e3o transparente e experi\u00eancias personalizadas, fatores que far\u00e3o toda a diferen\u00e7a nos neg\u00f3cios do futuro!<\/p>\n<\/div>\n\n\n\n<div class=\"wp-block-columns article--quickfacts-div has-border-color is-layout-flex wp-container-core-columns-is-layout-766a69a5 wp-block-columns-is-layout-flex\" style=\"border-color:#eeeeee;border-width:1px;border-top-left-radius:3px;border-top-right-radius:3px;border-bottom-left-radius:3px;border-bottom-right-radius:3px;margin-top:1.5rem;margin-bottom:1.5rem;padding-top:1rem;padding-right:1rem;padding-bottom:1rem;padding-left:1rem\">\n<div class=\"wp-block-column article--quickfacts-col is-layout-flow wp-container-core-column-is-layout-215ed0c7 wp-block-column-is-layout-flow\" style=\"border-top-left-radius:3px;border-top-right-radius:3px;border-bottom-left-radius:3px;border-bottom-right-radius:3px;flex-basis:100%\">\n<h3 class=\"wp-block-heading aticle--quick-facts-title\">Conclus\u00e3o<\/h3>\n\n\n\n<p style=\"padding-left:1rem\">Ao tratar o seu tempo como o recurso mais valioso e ao oferecer uma experi\u00eancia flu\u00edda, o profissional de beleza ganha n\u00e3o s\u00f3 efici\u00eancia, como constr\u00f3i uma reputa\u00e7\u00e3o de conveni\u00eancia que o distingue no mercado, e liberta tempo para se dedicar ao que realmente interessa: o cliente e o crescimento estrat\u00e9gico do neg\u00f3cio.\u00a0<br><br>Esta parceria visa garantir que a nossa comunidade tem acesso \u00e0s melhores ferramentas para potencializar o seu neg\u00f3cio e crescimento, com um benef\u00edcio exclusivo para a Comunidade Est\u00fadio Collective, utilize o nosso c\u00f3digo promocional \u201d\u00a0<strong>ESTUDIODEMAQUILHAGEM \u201c<\/strong>\u00a0para usufruir de tr\u00eas meses gratuitos na sua ades\u00e3o ao BUK no plano Pro.<br><br>Conhe\u00e7a o BUK e comece a otimizar a sua gest\u00e3o \u2013\u00a0<a href=\"http:\/\/www.buk.pt\/\" target=\"_blank\" rel=\"noreferrer noopener\">www.buk.pt<\/a><\/p>\n<\/div>\n<\/div>\n","protected":false},"excerpt":{"rendered":"<p>O seu talento merece uma agenda que trabalhe por si, libertando-a para criar sem interrup\u00e7\u00f5es.<\/p>\n","protected":false},"author":7,"featured_media":1957,"menu_order":0,"template":"","format":"standard","meta":{"_jf_limit_responses":"","footnotes":""},"tags":[],"access-manager":[26],"tipo-artigo":[49,33],"class_list":["post-1948","artigos","type-artigos","status-publish","format-standard","has-post-thumbnail","hentry","access-manager-public-page","tipo-artigo-comunidade","tipo-artigo-estudiotalks"],"_links":{"self":[{"href":"https:\/\/estudiodemaquilhagem.com\/estudiocollective\/wp-json\/wp\/v2\/artigos\/1948","targetHints":{"allow":["GET"]}}],"collection":[{"href":"https:\/\/estudiodemaquilhagem.com\/estudiocollective\/wp-json\/wp\/v2\/artigos"}],"about":[{"href":"https:\/\/estudiodemaquilhagem.com\/estudiocollective\/wp-json\/wp\/v2\/types\/artigos"}],"author":[{"embeddable":true,"href":"https:\/\/estudiodemaquilhagem.com\/estudiocollective\/wp-json\/wp\/v2\/users\/7"}],"version-history":[{"count":10,"href":"https:\/\/estudiodemaquilhagem.com\/estudiocollective\/wp-json\/wp\/v2\/artigos\/1948\/revisions"}],"predecessor-version":[{"id":2029,"href":"https:\/\/estudiodemaquilhagem.com\/estudiocollective\/wp-json\/wp\/v2\/artigos\/1948\/revisions\/2029"}],"wp:featuredmedia":[{"embeddable":true,"href":"https:\/\/estudiodemaquilhagem.com\/estudiocollective\/wp-json\/wp\/v2\/media\/1957"}],"wp:attachment":[{"href":"https:\/\/estudiodemaquilhagem.com\/estudiocollective\/wp-json\/wp\/v2\/media?parent=1948"}],"wp:term":[{"taxonomy":"tags","embeddable":true,"href":"https:\/\/estudiodemaquilhagem.com\/estudiocollective\/wp-json\/wp\/v2\/tags?post=1948"},{"taxonomy":"access-manager","embeddable":true,"href":"https:\/\/estudiodemaquilhagem.com\/estudiocollective\/wp-json\/wp\/v2\/access-manager?post=1948"},{"taxonomy":"tipo-artigo","embeddable":true,"href":"https:\/\/estudiodemaquilhagem.com\/estudiocollective\/wp-json\/wp\/v2\/tipo-artigo?post=1948"}],"curies":[{"name":"wp","href":"https:\/\/api.w.org\/{rel}","templated":true}]}}